{"id":878,"date":"2022-05-21T22:33:31","date_gmt":"2022-05-21T20:33:31","guid":{"rendered":"https:\/\/signum.pb.edu.pl\/usmiech\/?page_id=878"},"modified":"2023-04-05T23:37:25","modified_gmt":"2023-04-05T21:37:25","slug":"nagrodzone-prace-2022","status":"publish","type":"page","link":"https:\/\/signum.pb.edu.pl\/usmiech\/?page_id=878","title":{"rendered":"Nagrodzone prace 2022"},"content":{"rendered":"<h2 style=\"text-align: center;\"><strong>Szko\u0142a podstawowa (klasy 6-8)<\/strong><\/h2>\n<hr>\n<hr>\n<h6 style=\"text-align: left;\"><strong>I miejsce<\/strong><\/h6>\n<div id=\"attachment_810\" style=\"width: 310px\" class=\"wp-caption aligncenter\"><a href=\"https:\/\/signum.pb.edu.pl\/usmiech\/wp-content\/uploads\/2022\/05\/P005.jpg\"><img loading=\"lazy\" decoding=\"async\" aria-describedby=\"caption-attachment-810\" src=\"https:\/\/signum.pb.edu.pl\/usmiech\/wp-content\/uploads\/2022\/05\/P005-300x214.jpg\" alt=\",,Matematyczne Po\u0142owy&quot; Karol Mat\u0142ok, Szko\u0142a Podstawowa nr 3 w D\u0119bicy \" class=\"wp-image-810 size-medium\" width=\"300\" height=\"214\" srcset=\"https:\/\/signum.pb.edu.pl\/usmiech\/wp-content\/uploads\/2022\/05\/P005-300x214.jpg 300w, https:\/\/signum.pb.edu.pl\/usmiech\/wp-content\/uploads\/2022\/05\/P005-768x547.jpg 768w, https:\/\/signum.pb.edu.pl\/usmiech\/wp-content\/uploads\/2022\/05\/P005.jpg 800w\" sizes=\"auto, (max-width: 300px) 100vw, 300px\" \/><\/a><p id=\"caption-attachment-810\" class=\"wp-caption-text\">,,Matematyczne Po\u0142owy&#8221; Karol Mat\u0142ok, Szko\u0142a Podstawowa nr 3 w D\u0119bicy&nbsp;<\/p><\/div>\n<hr>\n<h6>II miejsce<\/h6>\n<div id=\"attachment_812\" style=\"width: 310px\" class=\"wp-caption aligncenter\"><a href=\"https:\/\/signum.pb.edu.pl\/usmiech\/wp-content\/uploads\/2022\/05\/P009.jpg\"><img loading=\"lazy\" decoding=\"async\" aria-describedby=\"caption-attachment-812\" src=\"https:\/\/signum.pb.edu.pl\/usmiech\/wp-content\/uploads\/2022\/05\/P009-300x225.jpg\" alt=\",,U\u0142amkowa mi\u0142o\u015b\u0107&quot; Julia Ma\u0142ysa, Szko\u0142a Podstawowa im. Kornela Makuszy\u0144skiego w Piekielniku \" class=\"wp-image-812 size-medium\" width=\"300\" height=\"225\" srcset=\"https:\/\/signum.pb.edu.pl\/usmiech\/wp-content\/uploads\/2022\/05\/P009-300x225.jpg 300w, https:\/\/signum.pb.edu.pl\/usmiech\/wp-content\/uploads\/2022\/05\/P009-768x576.jpg 768w, https:\/\/signum.pb.edu.pl\/usmiech\/wp-content\/uploads\/2022\/05\/P009.jpg 800w\" sizes=\"auto, (max-width: 300px) 100vw, 300px\" \/><\/a><p id=\"caption-attachment-812\" class=\"wp-caption-text\">,,U\u0142amkowa mi\u0142o\u015b\u0107&#8221; Julia Ma\u0142ysa, Szko\u0142a Podstawowa im. Kornela Makuszy\u0144skiego w Piekielniku<\/p><\/div>\n<hr>\n<h6>III miejsce<\/h6>\n<div id=\"attachment_807\" style=\"width: 310px\" class=\"wp-caption aligncenter\"><a href=\"https:\/\/signum.pb.edu.pl\/usmiech\/wp-content\/uploads\/2022\/05\/P004.jpg\"><img loading=\"lazy\" decoding=\"async\" aria-describedby=\"caption-attachment-807\" src=\"https:\/\/signum.pb.edu.pl\/usmiech\/wp-content\/uploads\/2022\/05\/P004-300x207.jpg\" alt=\",,Przypad\u0142o\u015b\u0107 matematyczna&quot; Wiktor Sendkowski, Publiczna Szko\u0142a Podstawowa nr 4 w Radomsku\" class=\"wp-image-807 size-medium\" width=\"300\" height=\"207\" srcset=\"https:\/\/signum.pb.edu.pl\/usmiech\/wp-content\/uploads\/2022\/05\/P004-300x207.jpg 300w, https:\/\/signum.pb.edu.pl\/usmiech\/wp-content\/uploads\/2022\/05\/P004.jpg 752w\" sizes=\"auto, (max-width: 300px) 100vw, 300px\" \/><\/a><p id=\"caption-attachment-807\" class=\"wp-caption-text\">,,Przypad\u0142o\u015b\u0107 matematyczna&#8221; Wiktor Sendkowski, Publiczna Szko\u0142a Podstawowa nr 4 w Radomsku<\/p><\/div>\n<hr>\n<hr>\n<h2 style=\"text-align: center;\"><strong>Szko\u0142a \u015brednia<\/strong><\/h2>\n<hr>\n<hr>\n<h6><strong>I miejsce<\/strong><\/h6>\n<div id=\"attachment_822\" style=\"width: 310px\" class=\"wp-caption aligncenter\"><a href=\"https:\/\/signum.pb.edu.pl\/usmiech\/wp-content\/uploads\/2022\/05\/S008.jpg\"><img loading=\"lazy\" decoding=\"async\" aria-describedby=\"caption-attachment-822\" src=\"https:\/\/signum.pb.edu.pl\/usmiech\/wp-content\/uploads\/2022\/05\/S008-300x206.jpg\" alt=\",,Nieko\u0144cz\u0105ca si\u0119 opowie\u015b\u0107&quot; Gabriel Bagi\u0144ski, Zesp\u00f3\u0142 Szk\u00f3\u0142 Zawodowych im. Stanis\u0142awa Staszica w Wysokiem Mazowieckiem\" class=\"wp-image-822 size-medium\" width=\"300\" height=\"206\" srcset=\"https:\/\/signum.pb.edu.pl\/usmiech\/wp-content\/uploads\/2022\/05\/S008-300x206.jpg 300w, https:\/\/signum.pb.edu.pl\/usmiech\/wp-content\/uploads\/2022\/05\/S008.jpg 738w\" sizes=\"auto, (max-width: 300px) 100vw, 300px\" \/><\/a><p id=\"caption-attachment-822\" class=\"wp-caption-text\">,,Nieko\u0144cz\u0105ca si\u0119 opowie\u015b\u0107&#8221; Gabriel Bagi\u0144ski, Zesp\u00f3\u0142 Szk\u00f3\u0142 Zawodowych im. Stanis\u0142awa Staszica w Wysokiem Mazowieckiem<\/p><\/div>\n<hr>\n<h6><strong>II miejsce<\/strong><\/h6>\n<div id=\"attachment_835\" style=\"width: 310px\" class=\"wp-caption aligncenter\"><a href=\"https:\/\/signum.pb.edu.pl\/usmiech\/wp-content\/uploads\/2022\/05\/S019.jpg\"><img loading=\"lazy\" decoding=\"async\" aria-describedby=\"caption-attachment-835\" src=\"https:\/\/signum.pb.edu.pl\/usmiech\/wp-content\/uploads\/2022\/05\/S019-300x217.jpg\" alt=\",,MatmaRz\u0105dzi MatmaRadzi MatmaNigdyCi\u0119NieZdradzi&quot; Karolina Zdrodowska, Zesp\u00f3\u0142 Szk\u00f3\u0142 Elektrycznych w Bia\u0142ymstoku \" class=\"wp-image-835 size-medium\" width=\"300\" height=\"217\" srcset=\"https:\/\/signum.pb.edu.pl\/usmiech\/wp-content\/uploads\/2022\/05\/S019-300x217.jpg 300w, https:\/\/signum.pb.edu.pl\/usmiech\/wp-content\/uploads\/2022\/05\/S019-768x556.jpg 768w, https:\/\/signum.pb.edu.pl\/usmiech\/wp-content\/uploads\/2022\/05\/S019.jpg 800w\" sizes=\"auto, (max-width: 300px) 100vw, 300px\" \/><\/a><p id=\"caption-attachment-835\" class=\"wp-caption-text\">,,MatmaRz\u0105dzi MatmaRadzi MatmaNigdyCi\u0119NieZdradzi&#8221; Karolina Zdrodowska, Zesp\u00f3\u0142 Szk\u00f3\u0142 Elektrycznych w Bia\u0142ymstoku<\/p><\/div>\n<hr>\n<h6><strong>III miejsce<\/strong><\/h6>\n<div id=\"attachment_818\" style=\"width: 310px\" class=\"wp-caption aligncenter\"><a href=\"https:\/\/signum.pb.edu.pl\/usmiech\/wp-content\/uploads\/2022\/05\/S006.jpg\"><img loading=\"lazy\" decoding=\"async\" aria-describedby=\"caption-attachment-818\" src=\"https:\/\/signum.pb.edu.pl\/usmiech\/wp-content\/uploads\/2022\/05\/S006-300x211.jpg\" alt=\",,W poszukiwaniu miejsc zerowych&quot; Dominik Wi\u015bniewski, Zesp\u00f3\u0142 Szk\u00f3\u0142 Zawodowych im. Stanis\u0142awa Staszica w Wysokiem Mazowieckiem\" class=\"wp-image-818 size-medium\" width=\"300\" height=\"211\" srcset=\"https:\/\/signum.pb.edu.pl\/usmiech\/wp-content\/uploads\/2022\/05\/S006-300x211.jpg 300w, https:\/\/signum.pb.edu.pl\/usmiech\/wp-content\/uploads\/2022\/05\/S006.jpg 471w\" sizes=\"auto, (max-width: 300px) 100vw, 300px\" \/><\/a><p id=\"caption-attachment-818\" class=\"wp-caption-text\">,,W poszukiwaniu miejsc zerowych&#8221; Dominik Wi\u015bniewski, Zesp\u00f3\u0142 Szk\u00f3\u0142 Zawodowych im. Stanis\u0142awa Staszica w Wysokiem Mazowieckiem<\/p><\/div>\n<hr>\n<h6>Wyr\u00f3\u017cnienie<\/h6>\n<div id=\"attachment_837\" style=\"width: 235px\" class=\"wp-caption aligncenter\"><a href=\"https:\/\/signum.pb.edu.pl\/usmiech\/wp-content\/uploads\/2022\/05\/S025.jpg\"><img loading=\"lazy\" decoding=\"async\" aria-describedby=\"caption-attachment-837\" src=\"https:\/\/signum.pb.edu.pl\/usmiech\/wp-content\/uploads\/2022\/05\/S025-225x300.jpg\" alt=\",,Niesko\u0144czono\u015b\u0107&quot; Julia Bi\u017cuta, VIII Liceum Og\u00f3lnokszta\u0142c\u0105ce w Bia\u0142ymstoku\" class=\"wp-image-837 size-medium\" width=\"225\" height=\"300\" srcset=\"https:\/\/signum.pb.edu.pl\/usmiech\/wp-content\/uploads\/2022\/05\/S025-225x300.jpg 225w, https:\/\/signum.pb.edu.pl\/usmiech\/wp-content\/uploads\/2022\/05\/S025.jpg 600w\" sizes=\"auto, (max-width: 225px) 100vw, 225px\" \/><\/a><p id=\"caption-attachment-837\" class=\"wp-caption-text\">,,Niesko\u0144czono\u015b\u0107&#8221; Julia Bi\u017cuta, VIII Liceum Og\u00f3lnokszta\u0142c\u0105ce w Bia\u0142ymstoku<\/p><\/div>\n\n\n<figure class=\"wp-block-gallery has-nested-images columns-default is-cropped wp-block-gallery-1 is-layout-flex wp-block-gallery-is-layout-flex\"><\/figure>\n\n\n\n<p><\/p>\n","protected":false},"excerpt":{"rendered":"<p>Szko\u0142a podstawowa (klasy 6-8) I miejsce II miejsce III miejsce Szko\u0142a \u015brednia I miejsce II miejsce III miejsce Wyr\u00f3\u017cnienie<\/p>\n","protected":false},"author":1,"featured_media":0,"parent":0,"menu_order":0,"comment_status":"closed","ping_status":"closed","template":"","meta":{"footnotes":""},"class_list":["post-878","page","type-page","status-publish","hentry"],"_links":{"self":[{"href":"https:\/\/signum.pb.edu.pl\/usmiech\/index.php?rest_route=\/wp\/v2\/pages\/878","targetHints":{"allow":["GET"]}}],"collection":[{"href":"https:\/\/signum.pb.edu.pl\/usmiech\/index.php?rest_route=\/wp\/v2\/pages"}],"about":[{"href":"https:\/\/signum.pb.edu.pl\/usmiech\/index.php?rest_route=\/wp\/v2\/types\/page"}],"author":[{"embeddable":true,"href":"https:\/\/signum.pb.edu.pl\/usmiech\/index.php?rest_route=\/wp\/v2\/users\/1"}],"replies":[{"embeddable":true,"href":"https:\/\/signum.pb.edu.pl\/usmiech\/index.php?rest_route=%2Fwp%2Fv2%2Fcomments&post=878"}],"version-history":[{"count":16,"href":"https:\/\/signum.pb.edu.pl\/usmiech\/index.php?rest_route=\/wp\/v2\/pages\/878\/revisions"}],"predecessor-version":[{"id":1001,"href":"https:\/\/signum.pb.edu.pl\/usmiech\/index.php?rest_route=\/wp\/v2\/pages\/878\/revisions\/1001"}],"wp:attachment":[{"href":"https:\/\/signum.pb.edu.pl\/usmiech\/index.php?rest_route=%2Fwp%2Fv2%2Fmedia&parent=878"}],"curies":[{"name":"wp","href":"https:\/\/api.w.org\/{rel}","templated":true}]}}