{"id":1267,"date":"2025-06-10T08:32:25","date_gmt":"2025-06-10T06:32:25","guid":{"rendered":"https:\/\/signum.pb.edu.pl\/usmiech\/?page_id=1267"},"modified":"2025-06-10T23:00:41","modified_gmt":"2025-06-10T21:00:41","slug":"nagrodzone-prace-2025","status":"publish","type":"page","link":"https:\/\/signum.pb.edu.pl\/usmiech\/?page_id=1267","title":{"rendered":"Nagrodzone prace 2025"},"content":{"rendered":"\n<h2 class=\"wp-block-heading has-text-align-center\"><strong>Szko\u0142a podstawowa (klasy 6-8)<\/strong><\/h2>\n\n\n\n<hr class=\"wp-block-separator has-alpha-channel-opacity\"\/>\n\n\n\n<hr class=\"wp-block-separator has-alpha-channel-opacity\"\/>\n\n\n\n<h6 class=\"wp-block-heading\"><strong>I miejsce<\/strong><\/h6>\n\n\n<div class=\"wp-block-image\">\n<figure class=\"aligncenter size-medium\"><a href=\"https:\/\/signum.pb.edu.pl\/usmiech\/wp-content\/uploads\/2025\/06\/P002.jpg\"><img loading=\"lazy\" decoding=\"async\" width=\"214\" height=\"300\" src=\"https:\/\/signum.pb.edu.pl\/usmiech\/wp-content\/uploads\/2025\/06\/P002-214x300.jpg\" alt=\",,X na wakacjach&quot;, Wiktoria Urban\" class=\"wp-image-1228\" srcset=\"https:\/\/signum.pb.edu.pl\/usmiech\/wp-content\/uploads\/2025\/06\/P002-214x300.jpg 214w, https:\/\/signum.pb.edu.pl\/usmiech\/wp-content\/uploads\/2025\/06\/P002.jpg 570w\" sizes=\"auto, (max-width: 214px) 100vw, 214px\" \/><\/a><figcaption class=\"wp-element-caption\">,,X na wakacjach&#8221;, Wiktoria Urban, Szko\u0142a Podstawowa im. Stefana Kardyna\u0142a Wyszy\u0144skiego w Korycinie<\/figcaption><\/figure><\/div>\n\n\n<hr class=\"wp-block-separator has-alpha-channel-opacity\"\/>\n\n\n\n<h6 class=\"wp-block-heading\"><strong>II miejsce<\/strong><\/h6>\n\n\n<div class=\"wp-block-image\">\n<figure class=\"aligncenter size-medium\"><a href=\"https:\/\/signum.pb.edu.pl\/usmiech\/wp-content\/uploads\/2025\/06\/P009.jpg\"><img loading=\"lazy\" decoding=\"async\" width=\"225\" height=\"300\" src=\"https:\/\/signum.pb.edu.pl\/usmiech\/wp-content\/uploads\/2025\/06\/P009-225x300.jpg\" alt=\",,Stopy procentowe&quot; Zofia Koz\u0142owska\" class=\"wp-image-1234\" srcset=\"https:\/\/signum.pb.edu.pl\/usmiech\/wp-content\/uploads\/2025\/06\/P009-225x300.jpg 225w, https:\/\/signum.pb.edu.pl\/usmiech\/wp-content\/uploads\/2025\/06\/P009.jpg 600w\" sizes=\"auto, (max-width: 225px) 100vw, 225px\" \/><\/a><figcaption class=\"wp-element-caption\">,,Stopy procentowe&#8221; Zofia Koz\u0142owska, Szko\u0142a Podstawowa Zgromadzenia Si\u00f3str Misjonarek \u015aw. Rodziny w Bia\u0142ymstoku<\/figcaption><\/figure><\/div>\n\n\n<hr class=\"wp-block-separator has-alpha-channel-opacity\"\/>\n\n\n\n<h6 class=\"wp-block-heading\"><strong>III miejsce<\/strong><\/h6>\n\n\n<div class=\"wp-block-image\">\n<figure class=\"aligncenter size-medium\"><a href=\"https:\/\/signum.pb.edu.pl\/usmiech\/wp-content\/uploads\/2025\/06\/P001.jpg\"><img loading=\"lazy\" decoding=\"async\" width=\"300\" height=\"216\" src=\"https:\/\/signum.pb.edu.pl\/usmiech\/wp-content\/uploads\/2025\/06\/P001-300x216.jpg\" alt=\",,Kosmiczne Figury - Misja: Uk\u0142ad Wsp\u00f3\u0142rz\u0119dnych&quot;, Wiktoria Urban \" class=\"wp-image-1227\" srcset=\"https:\/\/signum.pb.edu.pl\/usmiech\/wp-content\/uploads\/2025\/06\/P001-300x216.jpg 300w, https:\/\/signum.pb.edu.pl\/usmiech\/wp-content\/uploads\/2025\/06\/P001-768x552.jpg 768w, https:\/\/signum.pb.edu.pl\/usmiech\/wp-content\/uploads\/2025\/06\/P001.jpg 800w\" sizes=\"auto, (max-width: 300px) 100vw, 300px\" \/><\/a><figcaption class=\"wp-element-caption\">,,Kosmiczne Figury &#8211; Misja: Uk\u0142ad Wsp\u00f3\u0142rz\u0119dnych&#8221;, <br>Wiktoria Urban, Szko\u0142a Podstawowa im. Stefana Kardyna\u0142a Wyszy\u0144skiego w Korycinie<\/figcaption><\/figure><\/div>\n\n\n<hr class=\"wp-block-separator has-alpha-channel-opacity\"\/>\n\n\n\n<hr class=\"wp-block-separator has-alpha-channel-opacity\"\/>\n\n\n\n<h2 class=\"wp-block-heading has-text-align-center\"><strong>Szko\u0142a \u015brednia<\/strong><\/h2>\n\n\n\n<hr class=\"wp-block-separator has-alpha-channel-opacity\"\/>\n\n\n\n<hr class=\"wp-block-separator has-alpha-channel-opacity\"\/>\n\n\n\n<h6 class=\"wp-block-heading\"><strong>I miejsce<\/strong><\/h6>\n\n\n<div class=\"wp-block-image\">\n<figure class=\"aligncenter size-medium\"><a href=\"https:\/\/signum.pb.edu.pl\/usmiech\/wp-content\/uploads\/2025\/06\/S001.jpg\"><img loading=\"lazy\" decoding=\"async\" width=\"201\" height=\"300\" src=\"https:\/\/signum.pb.edu.pl\/usmiech\/wp-content\/uploads\/2025\/06\/S001-201x300.jpg\" alt=\",,Uczniowski kalkulator emocji&quot;, Amelia Chmielewska\" class=\"wp-image-1194\" srcset=\"https:\/\/signum.pb.edu.pl\/usmiech\/wp-content\/uploads\/2025\/06\/S001-201x300.jpg 201w, https:\/\/signum.pb.edu.pl\/usmiech\/wp-content\/uploads\/2025\/06\/S001.jpg 537w\" sizes=\"auto, (max-width: 201px) 100vw, 201px\" \/><\/a><figcaption class=\"wp-element-caption\">,,Uczniowski kalkulator emocji&#8221;, Amelia Chmielewska, VII Liceum Og\u00f3lnokszta\u0142c\u0105ce w Bia\u0142ymstoku<\/figcaption><\/figure><\/div>\n\n\n<hr class=\"wp-block-separator has-alpha-channel-opacity\"\/>\n\n\n\n<hr class=\"wp-block-separator has-alpha-channel-opacity\"\/>\n\n\n\n<h6 class=\"wp-block-heading\"><strong>II miejsce<\/strong><\/h6>\n\n\n<div class=\"wp-block-image\">\n<figure class=\"aligncenter size-medium\"><a href=\"https:\/\/signum.pb.edu.pl\/usmiech\/wp-content\/uploads\/2025\/06\/S020.jpg\"><img loading=\"lazy\" decoding=\"async\" width=\"212\" height=\"300\" src=\"https:\/\/signum.pb.edu.pl\/usmiech\/wp-content\/uploads\/2025\/06\/S020-212x300.jpg\" alt=\",,9 kr\u0119g\u00f3w piek\u0142a&quot;, Justyna Breza\" class=\"wp-image-1213\" srcset=\"https:\/\/signum.pb.edu.pl\/usmiech\/wp-content\/uploads\/2025\/06\/S020-212x300.jpg 212w, https:\/\/signum.pb.edu.pl\/usmiech\/wp-content\/uploads\/2025\/06\/S020.jpg 565w\" sizes=\"auto, (max-width: 212px) 100vw, 212px\" \/><\/a><figcaption class=\"wp-element-caption\">,,9 kr\u0119g\u00f3w piek\u0142a&#8221;, Justyna Breza, Zesp\u00f3\u0142 Szk\u00f3\u0142 Informatycznych w S\u0142upsku<\/figcaption><\/figure><\/div>\n\n\n<h6 class=\"wp-block-heading\"><strong>III miejsce<\/strong><\/h6>\n\n\n<div class=\"wp-block-image\">\n<figure class=\"aligncenter size-medium\"><a href=\"https:\/\/signum.pb.edu.pl\/usmiech\/wp-content\/uploads\/2025\/06\/S035.jpg\"><img loading=\"lazy\" decoding=\"async\" width=\"300\" height=\"225\" src=\"https:\/\/signum.pb.edu.pl\/usmiech\/wp-content\/uploads\/2025\/06\/S035-300x225.jpg\" alt=\",,Niewiadoma X i Y&quot;, Marlena Anita Wawryniuk\" class=\"wp-image-1224\" srcset=\"https:\/\/signum.pb.edu.pl\/usmiech\/wp-content\/uploads\/2025\/06\/S035-300x225.jpg 300w, https:\/\/signum.pb.edu.pl\/usmiech\/wp-content\/uploads\/2025\/06\/S035-768x576.jpg 768w, https:\/\/signum.pb.edu.pl\/usmiech\/wp-content\/uploads\/2025\/06\/S035.jpg 800w\" sizes=\"auto, (max-width: 300px) 100vw, 300px\" \/><\/a><figcaption class=\"wp-element-caption\">,,Niewiadoma X i Y&#8221;, Marlena Anita Wawryniuk, I Liceum Og\u00f3lnokszta\u0142c\u0105ce im. Tadeusza Ko\u015bciuszki w Bielsku Podlaskim<\/figcaption><\/figure><\/div>","protected":false},"excerpt":{"rendered":"<p>Szko\u0142a podstawowa (klasy 6-8) I miejsce II miejsce III miejsce Szko\u0142a \u015brednia I miejsce II miejsce III miejsce<\/p>\n","protected":false},"author":1,"featured_media":0,"parent":0,"menu_order":0,"comment_status":"closed","ping_status":"closed","template":"","meta":{"footnotes":""},"class_list":["post-1267","page","type-page","status-publish","hentry"],"_links":{"self":[{"href":"https:\/\/signum.pb.edu.pl\/usmiech\/index.php?rest_route=\/wp\/v2\/pages\/1267","targetHints":{"allow":["GET"]}}],"collection":[{"href":"https:\/\/signum.pb.edu.pl\/usmiech\/index.php?rest_route=\/wp\/v2\/pages"}],"about":[{"href":"https:\/\/signum.pb.edu.pl\/usmiech\/index.php?rest_route=\/wp\/v2\/types\/page"}],"author":[{"embeddable":true,"href":"https:\/\/signum.pb.edu.pl\/usmiech\/index.php?rest_route=\/wp\/v2\/users\/1"}],"replies":[{"embeddable":true,"href":"https:\/\/signum.pb.edu.pl\/usmiech\/index.php?rest_route=%2Fwp%2Fv2%2Fcomments&post=1267"}],"version-history":[{"count":18,"href":"https:\/\/signum.pb.edu.pl\/usmiech\/index.php?rest_route=\/wp\/v2\/pages\/1267\/revisions"}],"predecessor-version":[{"id":1292,"href":"https:\/\/signum.pb.edu.pl\/usmiech\/index.php?rest_route=\/wp\/v2\/pages\/1267\/revisions\/1292"}],"wp:attachment":[{"href":"https:\/\/signum.pb.edu.pl\/usmiech\/index.php?rest_route=%2Fwp%2Fv2%2Fmedia&parent=1267"}],"curies":[{"name":"wp","href":"https:\/\/api.w.org\/{rel}","templated":true}]}}