{"id":30,"date":"2015-12-09T10:17:11","date_gmt":"2015-12-09T09:17:11","guid":{"rendered":"https:\/\/signum.pb.edu.pl\/MUM\/?page_id=30"},"modified":"2024-03-26T23:16:03","modified_gmt":"2024-03-26T22:16:03","slug":"strona-glowna","status":"publish","type":"page","link":"https:\/\/signum.pb.edu.pl\/MUM\/","title":{"rendered":"Start"},"content":{"rendered":"<p><img loading=\"lazy\" decoding=\"async\" class=\"alignnone size-medium wp-image-1086\" src=\"https:\/\/signum.pb.edu.pl\/MUM\/wp-content\/uploads\/2022\/12\/MUM_logi.jpg\" alt=\"\" width=\"300\" height=\"176\" srcset=\"https:\/\/signum.pb.edu.pl\/MUM\/wp-content\/uploads\/2022\/12\/MUM_logi.jpg 337w, https:\/\/signum.pb.edu.pl\/MUM\/wp-content\/uploads\/2022\/12\/MUM_logi-300x176.jpg 300w\" sizes=\"(max-width: 300px) 100vw, 300px\" \/><\/p>\n<div align=\"justify\"><\/div>\n<div align=\"justify\"><\/div>\n<div align=\"justify\">\n<p style=\"font-weight: 400;\"><strong>termin fina\u0142u<\/strong><\/p>\n<p>&nbsp;<\/p>\n<p style=\"font-weight: 400;\">sobota 23 III, godz. 10-15<\/p>\n<p>&nbsp;<\/p>\n<p style=\"font-weight: 400;\"><strong>miejsce fina\u0142u<\/strong><\/p>\n<p>&nbsp;<\/p>\n<p style=\"font-weight: 400;\">Politechnika Bia\u0142ostocka<br \/>\nWydzia\u0142 Elektryczny<br \/>\nul. Wiejska 45D, 15-351 Bia\u0142ystok<br \/>\ntel. na portierni\u0119 85\u00a0746 94 30<br \/>\ndojazd z dworc\u00f3w PKP i PKS autobusami:<br \/>\n<strong>nr 10<\/strong>\u00a0w kierunki Kolonia Koplany \u2013 przystanek \u201eZwierzyniecka\/Kaczorowskiego\u201d lub<br \/>\n<strong>nr 29<\/strong>\u00a0w kierunku \u017byzna, P\u0119tla &#8211; przystanek &#8222;Zwierzyniecka\/Wiejska&#8221;)<br \/>\nSala:\u00a0<strong>Aula I<\/strong>\u00a0(wszystkie kategorie)<\/p>\n<p>&nbsp;<\/p>\n<p style=\"font-weight: 400;\">R\u00f3wnolegle z bia\u0142ostockimi fina\u0142ami odb\u0119d\u0105 si\u0119 zawody fina\u0142owe w Gda\u0144sku, Kielcach, Lublinie, Poznaniu, Warszawie i Wroc\u0142awiu.<\/p>\n<p>&nbsp;<\/p>\n<p style=\"font-weight: 400;\"><strong>przebieg fina\u0142u<\/strong><\/p>\n<p>&nbsp;<\/p>\n<ul style=\"font-weight: 400;\">\n<li>10:00 &#8211; 10:45 &#8211; I runda fina\u0142owa (Aula I)<\/li>\n<li>11:00 &#8211; 11:45 &#8211; II runda fina\u0142owa (Aula I)<\/li>\n<li>12:00 &#8211; 12:45 &#8211; III runda fina\u0142owa (Aula I)<\/li>\n<li>13:00-14:00 &#8211; wyk\u0142ad popularnonaukowy (Aula I i Aula III)<\/li>\n<li>14:15-15:00 &#8211; Wielki Fina\u0142 (Aula I)<\/li>\n<li>15:15 &#8211; og\u0142oszenie wynik\u00f3w i rozdanie nagr\u00f3d (Aula I)<\/li>\n<\/ul>\n<p>&nbsp;<\/p>\n<p style=\"font-weight: 400;\"><strong>zasady organizacyjne fina\u0142u<\/strong><\/p>\n<p>&nbsp;<\/p>\n<ul style=\"font-weight: 400;\">\n<li>Nale\u017cy przyj\u015b\u0107 do wyznaczonej sali z 15-minutowym wyprzedzeniem. W tym samym budynku na dole s\u0105 szatnie, prosimy by tam pozostawi\u0107 zewn\u0119trzne okrycia.<\/li>\n<li>W salach zawodnicy zajmuj\u0105 miejsce wg wskaza\u0144 organizator\u00f3w.<\/li>\n<li>Nauczycieli zapraszamy do sali 029, do pomocy przy sprawdzaniu prac.<\/li>\n<li>Osoby towarzysz\u0105ce zapraszamy do zwiedzenia wystaw w budynku rozmieszczonych na kilku kondygnacjach. W pobli\u017cu jest te\u017c restauracja i hotel \u201ePod Herbem\u201d gdzie mo\u017cna co\u015b zje\u015b\u0107 lub napi\u0107 si\u0119 kawy.<\/li>\n<li>Prosimy o niet\u0142oczenie si\u0119 pod sal\u0105, gdzie znajduj\u0105 si\u0119 zawodnicy.<\/li>\n<li>Podczas konkursu nie trzeba rozwi\u0105za\u0107 wszystkich zada\u0144 w rundzie. Nale\u017cy zacz\u0105\u0107 od tych, kt\u00f3re si\u0119 zna i lubi. Za ka\u017cdy poprawnie zakodowany symbol A-D otrzymuje si\u0119 1 pkt. Dodatkowo za poprawnie zakodowane wszystkie cztery symbole z jednego zadania otrzymuje si\u0119 2-punktowy bonus, wi\u0119c za ka\u017cde zadanie mo\u017cna zdoby\u0107 6 pkt.<\/li>\n<li>Bezpo\u015brednio po III rundzie eliminacyjnej zawodnicy otrzymuj\u0105 dyplom za udzia\u0142 w finale VIII MUM oraz upominek od wydawnictwa Logi.<\/li>\n<li>Na wyk\u0142ad popularnonaukowy po rundach eliminacyjnych zapraszamy zawodnik\u00f3w i osoby towarzysz\u0105ce.\n<ul>\n<li>Aula III \u2013 Doro\u015bli i Liceum (\u201ePrawo Benforda\u201d, Artur \u0141apata)<\/li>\n<li>Aula I \u2013 M\u0142odzicy i Kadeci (&#8222;Zwyci\u0119ska strategia z guzikami w tle&#8221;, mgr Katarzyna Topolewicz)<\/li>\n<\/ul>\n<\/li>\n<li>O kwalifikacji do fina\u0142u decyduje suma punkt\u00f3w z trzech rund eliminacyjnych. Lista os\u00f3b zakwalifikowanych do Wielkiego Fina\u0142u zostanie odczytana bezpo\u015brednio po wyk\u0142adzie w Auli I. Te osoby spotykaj\u0105 si\u0119 po przerwie w tej samej sali i zajmuj\u0105 miejsca wg wskaz\u00f3wek organizator\u00f3w.<\/li>\n<li>Uczestnicy Wielkiego Fina\u0142u otrzymuj\u0105 dyplomy Wielkich Finalist\u00f3w, a laureaci Memoria\u0142u tak\u017ce drobne nagrody rzeczowe.<\/li>\n<\/ul>\n<p>&nbsp;<\/p>\n<p>Celem zawod\u00f3w jest upami\u0119tnienie i kontynuowanie dzie\u0142a Urszuli Marciniak, kt\u00f3rym by\u0142o szerzenie i popularyzowanie logicznego my\u015blenia i podnoszenia kultury matematycznej w\u015br\u00f3d Polak\u00f3w. Uczestnikiem zawod\u00f3w mo\u017ce by\u0107 ka\u017cdy, niezale\u017cnie od wieku i nieodp\u0142atnie.<\/p>\n<p>&nbsp;<\/p>\n<p>Do zawod\u00f3w mo\u017cna si\u0119 przygotowa\u0107, rozwi\u0105zuj\u0105c zadania z zeszyt\u00f3w i stron internetowych\u00a0<a href=\"http:\/\/www.wydawnictwologi.pl\/index.php?route=common\/home\">wydawnictwa Logi<\/a>\u00a0oraz zadania treningowe\u00a0<a href=\"https:\/\/www.puzzle-loop.com\/\">Puzzle Games<\/a><\/p>\n<p>&nbsp;<\/p>\n<p>R\u00f3wnolegle z podlaskimi fina\u0142ami odb\u0119d\u0105 si\u0119 zawody fina\u0142owe w Gda\u0144sku, Kielcach, Lublinie, Poznaniu, Warszawie i Wroc\u0142awiu.<\/p>\n<p>To drugie zawody tego typu organizowane na Podlasiu. Pierwszy MUM odby\u0142 si\u0119 w 2017 r. we Wroc\u0142awiu w Instytucie Matematyki Uniwersytetu Wroc\u0142awskiego, w kolejnych latach liczba miejsc, w kt\u00f3rych mo\u017cna by\u0142o wzi\u0105\u0107 udzia\u0142 w zawodach ros\u0142a. W roku 2024 memoria\u0142 rozgrywany b\u0119dzie:<\/p>\n<ul>\n<li>na\u00a0<strong>Mazowszu<\/strong>\u00a0(organizowany przez CLV Liceum Og\u00f3lnokszta\u0142c\u0105ce w Warszawie)<\/li>\n<li>na\u00a0<strong>Dolnym \u015al\u0105sku<\/strong>\u00a0(organizowany przez Fundacj\u0119 Matematyk\u00f3w Wroc\u0142awskich\u00a0w Instytucie Matematyki Uniwersytetu Wroc\u0142awskiego)<\/li>\n<li>na\u00a0<strong>Lubelszczy\u017anie<\/strong>\u00a0(organizowany przez Wydzia\u0142 Matematyki, Fizyki i Informatyki UMCS)<\/li>\n<li>w <strong>Wielkopolsce<\/strong>(organizowany przez Wydzia\u0142 Matematyki i Informatyki UAM w Poznaniu i VIII LO w Poznaniu<\/li>\n<li>na<strong>\u00a0Pomorzu<\/strong>\u00a0(organizowany przez Wydzia\u0142 Matematyki, Fizyki i Informatyki Uniwersytetu Gda\u0144skiego)<\/li>\n<li>w\u00a0<strong>\u015awi\u0119tokrzyskiem<\/strong>\u00a0(organizowany przez \u015awi\u0119tokrzyskie Centrum Doskonalenia Nauczycieli w Kielcach)<\/li>\n<\/ul>\n<p>&nbsp;<\/p>\n<p><b>Terminarz:<\/b><\/p>\n<ul>\n<li>zg\u0142oszenia od 1 XII do 31 XII 2023 (za pomoc\u0105 formularza dla szk\u00f3\u0142 albo dla zawodnik\u00f3w indywidualnych)<\/li>\n<li>wysy\u0142anie zada\u0144 eliminacyjnych do szk\u00f3\u0142 9 I 2024<\/li>\n<li>eliminacje szkolne 11 I 2024<\/li>\n<li>przesy\u0142anie wynik\u00f3w do 20 I 2024<\/li>\n<li>og\u0142oszenie listy finalist\u00f3w 1 II 2024<\/li>\n<li>fina\u0142 23 III 2024<\/li>\n<\/ul>\n<p>&nbsp;<\/p>\n<p><b>Kategorie wiekowe<\/b><\/p>\n<ul>\n<li>M\u0141ODZICY (kl. 3-5 SP)<\/li>\n<li>JUNIORZY (kl. 6-8 SP)<\/li>\n<li>LICEALI\u015aCI (uczniowie szk\u00f3\u0142 \u015brednich)<\/li>\n<li>DORO\u015aLI<\/li>\n<\/ul>\n<p>&nbsp;<\/p>\n<div align=\"justify\">\n<h2>Finali\u015bci VIII MUM<\/h2>\n<p>Do fina\u0142u zakwalifikowano 65 os\u00f3b. Listy finalist\u00f3w w kategoriach uczniowskich podajemy w kolejno\u015bci alfabetycznej szk\u00f3\u0142, a w obr\u0119bie szko\u0142y &#8211; w kolejno\u015bci alfabetycznej nazwisk.<\/p>\n<p>&nbsp;<\/p>\n<p><strong>M\u0141ODZICY<\/strong><\/p>\n<p>&nbsp;<\/p>\n<table width=\"890\">\n<tbody>\n<tr>\n<td width=\"25\">Lp.<\/td>\n<td width=\"107\">Imi\u0119<\/td>\n<td width=\"95\">Nazwisko<\/td>\n<td width=\"663\">Szko\u0142a<\/td>\n<\/tr>\n<tr>\n<td>1<\/td>\n<td>Kornelia<\/td>\n<td>Czaczkowska<\/td>\n<td>CUBUS Szko\u0142a Matematyki<\/td>\n<\/tr>\n<tr>\n<td>2<\/td>\n<td>Maja<\/td>\n<td>Dr\u0105gowska<\/td>\n<td>Szko\u0142a Podstawowa nr 1 im. Ks. Wac\u0142awa Rabczy\u0144skiego w Wasilkowie<\/td>\n<\/tr>\n<tr>\n<td>3<\/td>\n<td>Kamil<\/td>\n<td>Kiczkaj\u0142o<\/td>\n<td>Szko\u0142a Podstawowa nr 1 im. Ks. Wac\u0142awa Rabczy\u0144skiego w Wasilkowie<\/td>\n<\/tr>\n<tr>\n<td>4<\/td>\n<td>Milena<\/td>\n<td>Niemancewicz<\/td>\n<td>Szko\u0142a Podstawowa nr 1 im. Ks. Wac\u0142awa Rabczy\u0144skiego w Wasilkowie<\/td>\n<\/tr>\n<tr>\n<td>5<\/td>\n<td>Remigiusz<\/td>\n<td>Sawicki<\/td>\n<td>Szko\u0142a Podstawowa nr 1 im. Ks. Wac\u0142awa Rabczy\u0144skiego w Wasilkowie<\/td>\n<\/tr>\n<tr>\n<td>6<\/td>\n<td>Magdalena<\/td>\n<td>Dzie\u0142ak<\/td>\n<td>ZSK im. Matki Bo\u017cej Mi\u0142osierdzia Bia\u0142ystok<\/td>\n<\/tr>\n<tr>\n<td>7<\/td>\n<td>Micha\u0142<\/td>\n<td>G\u00f3rczy\u0144ski<\/td>\n<td>ZSK im. Matki Bo\u017cej Mi\u0142osierdzia Bia\u0142ystok<\/td>\n<\/tr>\n<tr>\n<td>8<\/td>\n<td>Stanis\u0142aw<\/td>\n<td>Kulesza<\/td>\n<td>ZSK im. Matki Bo\u017cej Mi\u0142osierdzia Bia\u0142ystok<\/td>\n<\/tr>\n<tr>\n<td>9<\/td>\n<td>Adam<\/td>\n<td>Kulesza<\/td>\n<td>ZSK im. Matki Bo\u017cej Mi\u0142osierdzia Bia\u0142ystok<\/td>\n<\/tr>\n<tr>\n<td>10<\/td>\n<td>Piotr<\/td>\n<td>Matysewicz<\/td>\n<td>ZSK im. Matki Bo\u017cej Mi\u0142osierdzia Bia\u0142ystok<\/td>\n<\/tr>\n<tr>\n<td>11<\/td>\n<td>Stefan<\/td>\n<td>Rytelewski<\/td>\n<td>ZSK im. Matki Bo\u017cej Mi\u0142osierdzia Bia\u0142ystok<\/td>\n<\/tr>\n<tr>\n<td>12<\/td>\n<td>Stanis\u0142aw<\/td>\n<td>Sadowski<\/td>\n<td>ZSK im. Matki Bo\u017cej Mi\u0142osierdzia Bia\u0142ystok<\/td>\n<\/tr>\n<tr>\n<td>13<\/td>\n<td>Magdalena<\/td>\n<td>Sawicka<\/td>\n<td>ZSK im. Matki Bo\u017cej Mi\u0142osierdzia Bia\u0142ystok<\/td>\n<\/tr>\n<tr>\n<td>14<\/td>\n<td>Emilia<\/td>\n<td>Siemienowicz<\/td>\n<td>ZSK im. Matki Bo\u017cej Mi\u0142osierdzia Bia\u0142ystok<\/td>\n<\/tr>\n<\/tbody>\n<\/table>\n<p>&nbsp;<\/p>\n<p><strong>JUNIORZY<\/strong><\/p>\n<p>&nbsp;<\/p>\n<table width=\"890\">\n<tbody>\n<tr>\n<td width=\"25\">Lp.<\/td>\n<td width=\"107\">Imi\u0119<\/td>\n<td width=\"95\">Nazwisko<\/td>\n<td width=\"663\">Szko\u0142a<\/td>\n<\/tr>\n<tr>\n<td>1<\/td>\n<td>Bartosz<\/td>\n<td>Kujawa<\/td>\n<td>CUBUS Szko\u0142a Matematyki<\/td>\n<\/tr>\n<tr>\n<td>2<\/td>\n<td>Magdalena<\/td>\n<td>Matwiejczyk<\/td>\n<td>CUBUS Szko\u0142a Matematyki<\/td>\n<\/tr>\n<tr>\n<td>3<\/td>\n<td>Adam<\/td>\n<td>Po\u015bwi\u0105tny<\/td>\n<td>CUBUS Szko\u0142a Matematyki<\/td>\n<\/tr>\n<tr>\n<td>4<\/td>\n<td>Aleksandra<\/td>\n<td>Samojlik<\/td>\n<td>CUBUS Szko\u0142a Matematyki<\/td>\n<\/tr>\n<tr>\n<td>5<\/td>\n<td>Lidia<\/td>\n<td>Sokolik<\/td>\n<td>SP nr 49 Bia\u0142ystok<\/td>\n<\/tr>\n<tr>\n<td>6<\/td>\n<td>Anna<\/td>\n<td>Amonowicz<\/td>\n<td>Szko\u0142a Podstawowa nr 1 im. Ks. Wac\u0142awa Rabczy\u0144skiego w Wasilkowie<\/td>\n<\/tr>\n<tr>\n<td>7<\/td>\n<td>Aleksandra<\/td>\n<td>Bakun<\/td>\n<td>Szko\u0142a Podstawowa nr 1 im. Ks. Wac\u0142awa Rabczy\u0144skiego w Wasilkowie<\/td>\n<\/tr>\n<tr>\n<td>8<\/td>\n<td>Wiktoria<\/td>\n<td>Dakowicz<\/td>\n<td>Szko\u0142a Podstawowa nr 1 im. Ks. Wac\u0142awa Rabczy\u0144skiego w Wasilkowie<\/td>\n<\/tr>\n<tr>\n<td>9<\/td>\n<td>Aleksandra<\/td>\n<td>Halicka<\/td>\n<td>Szko\u0142a Podstawowa nr 1 im. Ks. Wac\u0142awa Rabczy\u0144skiego w Wasilkowie<\/td>\n<\/tr>\n<tr>\n<td>10<\/td>\n<td>Aleksandra<\/td>\n<td>Kurel<\/td>\n<td>Szko\u0142a Podstawowa nr 1 im. Ks. Wac\u0142awa Rabczy\u0144skiego w Wasilkowie<\/td>\n<\/tr>\n<tr>\n<td>11<\/td>\n<td>Lena<\/td>\n<td>Ku\u017ama<\/td>\n<td>Szko\u0142a Podstawowa nr 1 im. Ks. Wac\u0142awa Rabczy\u0144skiego w Wasilkowie<\/td>\n<\/tr>\n<tr>\n<td>12<\/td>\n<td>Oliwia<\/td>\n<td>Pe\u0142kowska<\/td>\n<td>Szko\u0142a Podstawowa nr 1 im. Ks. Wac\u0142awa Rabczy\u0144skiego w Wasilkowie<\/td>\n<\/tr>\n<tr>\n<td>13<\/td>\n<td>Eliza<\/td>\n<td>Pietrasz<\/td>\n<td>Szko\u0142a Podstawowa nr 1 im. Ks. Wac\u0142awa Rabczy\u0144skiego w Wasilkowie<\/td>\n<\/tr>\n<tr>\n<td>14<\/td>\n<td>Oliwia<\/td>\n<td>Radziwo\u0144ska<\/td>\n<td>Szko\u0142a Podstawowa nr 1 im. Ks. Wac\u0142awa Rabczy\u0144skiego w Wasilkowie<\/td>\n<\/tr>\n<tr>\n<td>15<\/td>\n<td>Bartosz<\/td>\n<td>Sadowski<\/td>\n<td>Szko\u0142a Podstawowa nr 1 im. Ks. Wac\u0142awa Rabczy\u0144skiego w Wasilkowie<\/td>\n<\/tr>\n<tr>\n<td>16<\/td>\n<td>Laura<\/td>\n<td>Sie\u0144ko<\/td>\n<td>Szko\u0142a Podstawowa nr 1 im. Ks. Wac\u0142awa Rabczy\u0144skiego w Wasilkowie<\/td>\n<\/tr>\n<tr>\n<td>17<\/td>\n<td>Julia<\/td>\n<td>Trochimczyk<\/td>\n<td>Szko\u0142a Podstawowa nr 1 im. Ks. Wac\u0142awa Rabczy\u0144skiego w Wasilkowie<\/td>\n<\/tr>\n<tr>\n<td>18<\/td>\n<td>Pawe\u0142<\/td>\n<td>Chwie\u015bko<\/td>\n<td>Szko\u0142a Podstawowa Zgromadzenia Si\u00f3str Misjonarek \u015awi\u0119tej Rodziny im. B\u0142. Boles\u0142awy Lament Bia\u0142ystok<\/td>\n<\/tr>\n<tr>\n<td>19<\/td>\n<td>Dominika<\/td>\n<td>Citko<\/td>\n<td>Szko\u0142a Podstawowa Zgromadzenia Si\u00f3str Misjonarek \u015awi\u0119tej Rodziny im. B\u0142. Boles\u0142awy Lament Bia\u0142ystok<\/td>\n<\/tr>\n<tr>\n<td>20<\/td>\n<td>Zofia<\/td>\n<td>Koz\u0142owska<\/td>\n<td>Szko\u0142a Podstawowa Zgromadzenia Si\u00f3str Misjonarek \u015awi\u0119tej Rodziny im. B\u0142. Boles\u0142awy Lament Bia\u0142ystok<\/td>\n<\/tr>\n<tr>\n<td>21<\/td>\n<td>Antonina<\/td>\n<td>Miko\u0142ajczuk<\/td>\n<td>Szko\u0142a Podstawowa Zgromadzenia Si\u00f3str Misjonarek \u015awi\u0119tej Rodziny im. B\u0142. Boles\u0142awy Lament Bia\u0142ystok<\/td>\n<\/tr>\n<tr>\n<td>22<\/td>\n<td>Zofia<\/td>\n<td>Sienicka<\/td>\n<td>Szko\u0142a Podstawowa Zgromadzenia Si\u00f3str Misjonarek \u015awi\u0119tej Rodziny im. B\u0142. Boles\u0142awy Lament Bia\u0142ystok<\/td>\n<\/tr>\n<tr>\n<td>23<\/td>\n<td>Jakub<\/td>\n<td>Gasperski<\/td>\n<td>ZSK im. Matki Bo\u017cej Mi\u0142osierdzia Bia\u0142ystok<\/td>\n<\/tr>\n<tr>\n<td>24<\/td>\n<td>\u0141ucja<\/td>\n<td>Jab\u0142o\u0144ska<\/td>\n<td>ZSK im. Matki Bo\u017cej Mi\u0142osierdzia Bia\u0142ystok<\/td>\n<\/tr>\n<tr>\n<td>25<\/td>\n<td>Mateusz<\/td>\n<td>Jurczuk<\/td>\n<td>ZSK im. Matki Bo\u017cej Mi\u0142osierdzia Bia\u0142ystok<\/td>\n<\/tr>\n<tr>\n<td>26<\/td>\n<td>Fabian<\/td>\n<td>Kuprjanowicz<\/td>\n<td>ZSK im. Matki Bo\u017cej Mi\u0142osierdzia Bia\u0142ystok<\/td>\n<\/tr>\n<tr>\n<td>27<\/td>\n<td>Kornel<\/td>\n<td>Kury\u015b<\/td>\n<td>ZSK im. Matki Bo\u017cej Mi\u0142osierdzia Bia\u0142ystok<\/td>\n<\/tr>\n<tr>\n<td>28<\/td>\n<td>Stanis\u0142aw<\/td>\n<td>Lul<\/td>\n<td>ZSK im. Matki Bo\u017cej Mi\u0142osierdzia Bia\u0142ystok<\/td>\n<\/tr>\n<tr>\n<td>29<\/td>\n<td>Grzegorz<\/td>\n<td>Matysewicz<\/td>\n<td>ZSK im. Matki Bo\u017cej Mi\u0142osierdzia Bia\u0142ystok<\/td>\n<\/tr>\n<tr>\n<td>30<\/td>\n<td>Hanna<\/td>\n<td>Niena\u0142towska<\/td>\n<td>ZSK im. Matki Bo\u017cej Mi\u0142osierdzia Bia\u0142ystok<\/td>\n<\/tr>\n<tr>\n<td>31<\/td>\n<td>Szymon<\/td>\n<td>Poddaniec<\/td>\n<td>ZSK im. Matki Bo\u017cej Mi\u0142osierdzia Bia\u0142ystok<\/td>\n<\/tr>\n<tr>\n<td>32<\/td>\n<td>Ignacy<\/td>\n<td>Trocki<\/td>\n<td>ZSK im. Matki Bo\u017cej Mi\u0142osierdzia Bia\u0142ystok<\/td>\n<\/tr>\n<\/tbody>\n<\/table>\n<p>&nbsp;<\/p>\n<p><strong>LICEALI\u015aCI<\/strong><\/p>\n<p>&nbsp;<\/p>\n<table width=\"890\">\n<tbody>\n<tr>\n<td width=\"25\">Lp.<\/td>\n<td width=\"107\">Imi\u0119<\/td>\n<td width=\"95\">Nazwisko<\/td>\n<td width=\"663\">Szko\u0142a<\/td>\n<\/tr>\n<tr>\n<td>1<\/td>\n<td>Maria<\/td>\n<td>Aleksandruk<\/td>\n<td>II Liceum Og\u00f3lnokszta\u0142c\u0105ce im. Gustawa Gizewiusza Gi\u017cycko<\/td>\n<\/tr>\n<tr>\n<td>2<\/td>\n<td>Anna<\/td>\n<td>Do\u0142ega<\/td>\n<td>II Liceum Og\u00f3lnokszta\u0142c\u0105ce im. Gustawa Gizewiusza Gi\u017cycko<\/td>\n<\/tr>\n<tr>\n<td>3<\/td>\n<td>Aleksandra<\/td>\n<td>Ha\u0142uszko<\/td>\n<td>II Liceum Og\u00f3lnokszta\u0142c\u0105ce im. Gustawa Gizewiusza Gi\u017cycko<\/td>\n<\/tr>\n<tr>\n<td>4<\/td>\n<td>Wojciech<\/td>\n<td>Jachimowicz<\/td>\n<td>II Liceum Og\u00f3lnokszta\u0142c\u0105ce im. Gustawa Gizewiusza Gi\u017cycko<\/td>\n<\/tr>\n<tr>\n<td>5<\/td>\n<td>Emilia<\/td>\n<td>Kocia\u0142kowska<\/td>\n<td>II Liceum Og\u00f3lnokszta\u0142c\u0105ce im. Gustawa Gizewiusza Gi\u017cycko<\/td>\n<\/tr>\n<tr>\n<td>6<\/td>\n<td>Wiktoria<\/td>\n<td>Miciukiewicz<\/td>\n<td>II Liceum Og\u00f3lnokszta\u0142c\u0105ce im. Gustawa Gizewiusza Gi\u017cycko<\/td>\n<\/tr>\n<tr>\n<td>7<\/td>\n<td>Szymon<\/td>\n<td>Skwarek<\/td>\n<td>II Liceum Og\u00f3lnokszta\u0142c\u0105ce im. Gustawa Gizewiusza Gi\u017cycko<\/td>\n<\/tr>\n<tr>\n<td>8<\/td>\n<td>Igor<\/td>\n<td>Szynkiewicz<\/td>\n<td>II Liceum Og\u00f3lnokszta\u0142c\u0105ce im. Gustawa Gizewiusza Gi\u017cycko<\/td>\n<\/tr>\n<tr>\n<td>9<\/td>\n<td>Maria<\/td>\n<td>Tetla<\/td>\n<td>II Liceum Og\u00f3lnokszta\u0142c\u0105ce im. Gustawa Gizewiusza Gi\u017cycko<\/td>\n<\/tr>\n<tr>\n<td>10<\/td>\n<td>Kinga<\/td>\n<td>Zakrzewska<\/td>\n<td>II Liceum Og\u00f3lnokszta\u0142c\u0105ce im. Gustawa Gizewiusza Gi\u017cycko<\/td>\n<\/tr>\n<tr>\n<td>11<\/td>\n<td>Emilia<\/td>\n<td>Zmudzi\u0144ska<\/td>\n<td>II Liceum Og\u00f3lnokszta\u0142c\u0105ce im. Gustawa Gizewiusza Gi\u017cycko<\/td>\n<\/tr>\n<tr>\n<td>12<\/td>\n<td>Zuzanna<\/td>\n<td>Drobniuch<\/td>\n<td>ZSK im. Matki Bo\u017cej Mi\u0142osierdzia Bia\u0142ystok<\/td>\n<\/tr>\n<tr>\n<td>13<\/td>\n<td>Dominik<\/td>\n<td>Kabaci\u0144ski<\/td>\n<td>ZSK im. Matki Bo\u017cej Mi\u0142osierdzia Bia\u0142ystok<\/td>\n<\/tr>\n<tr>\n<td>14<\/td>\n<td>Pavel<\/td>\n<td>Karabicki<\/td>\n<td>ZSK im. Matki Bo\u017cej Mi\u0142osierdzia Bia\u0142ystok<\/td>\n<\/tr>\n<\/tbody>\n<\/table>\n<p>&nbsp;<\/p>\n<p><strong>DORO\u015aLI<\/strong><\/p>\n<p>&nbsp;<\/p>\n<table width=\"227\">\n<tbody>\n<tr>\n<td width=\"25\">Lp.<\/td>\n<td width=\"107\">Imi\u0119<\/td>\n<td width=\"95\">Nazwisko<\/td>\n<\/tr>\n<tr>\n<td>1<\/td>\n<td>Borecki<\/td>\n<td>Damian<\/td>\n<\/tr>\n<tr>\n<td>2<\/td>\n<td>Domys\u0142awska<\/td>\n<td>Barbara<\/td>\n<\/tr>\n<tr>\n<td>3<\/td>\n<td>Gawe\u0142<\/td>\n<td>Wioleta<\/td>\n<\/tr>\n<tr>\n<td>4<\/td>\n<td>\u0141adna<\/td>\n<td>Ewa<\/td>\n<\/tr>\n<tr>\n<td>5<\/td>\n<td>Szymborska<\/td>\n<td>Beata<\/td>\n<\/tr>\n<\/tbody>\n<\/table>\n<\/div>\n<p>&nbsp;<\/p>\n<div align=\"justify\">\n<h2>Wyniki VIII MUM-a<\/h2>\n<p>&nbsp;<\/p>\n<p><span style=\"color: #000000;\"><span style=\"font-family: Arial, sans-serif;\"><span style=\"font-size: medium;\"><b>Laureaci<\/b><\/span><\/span><\/span><\/p>\n<table width=\"559\" cellspacing=\"0\" cellpadding=\"0\">\n<tbody>\n<tr>\n<td style=\"border: none; padding: 0cm;\" width=\"100%\" height=\"17\"><\/td>\n<\/tr>\n<tr>\n<td style=\"border: none; padding: 0cm;\" width=\"559\" height=\"17\"><span style=\"color: #000000;\"><span style=\"font-family: Arial, sans-serif;\"><span style=\"font-size: small;\"><b>M\u0142odzicy<\/b><\/span><\/span><\/span><\/td>\n<\/tr>\n<tr>\n<td style=\"border: none; padding: 0cm;\" width=\"559\" height=\"17\"><span style=\"color: #000000;\"><span style=\"font-family: Arial, sans-serif;\"><span style=\"font-size: small;\">I m-ce: Stanis\u0142aw Sadowski, ZSK im. Matki Bo\u017cej Mi\u0142osierdzia, Bia\u0142ystok<br \/>\n<\/span><\/span><\/span><\/td>\n<\/tr>\n<tr>\n<td style=\"border: none; padding: 0cm;\" width=\"559\" height=\"17\"><span style=\"color: #000000;\"><span style=\"font-family: Arial, sans-serif;\"><span style=\"font-size: small;\">II m-ce: Magdalena Dzie\u0142ak, ZSK im. Matki Bo\u017cej Mi\u0142osierdzia, Bia\u0142ystok<br \/>\n<\/span><\/span><\/span><\/td>\n<\/tr>\n<tr>\n<td style=\"border: none; padding: 0cm;\" width=\"559\" height=\"17\"><span style=\"color: #000000;\"><span style=\"font-family: Arial, sans-serif;\"><span style=\"font-size: small;\">III m-ce: Stanis\u0142aw Kulesza, ZSK im. Matki Bo\u017cej Mi\u0142osierdzia, Bia\u0142ystok<br \/>\n<\/span><\/span><\/span><\/td>\n<\/tr>\n<tr>\n<td style=\"border: none; padding: 0cm;\" width=\"559\" height=\"17\"><\/td>\n<\/tr>\n<tr>\n<td style=\"border: none; padding: 0cm;\" width=\"559\" height=\"17\"><span style=\"color: #000000;\"><span style=\"font-family: Arial, sans-serif;\"><span style=\"font-size: small;\"><b>Juniorzy<\/b><\/span><\/span><\/span><\/td>\n<\/tr>\n<tr>\n<td style=\"border: none; padding: 0cm;\" width=\"559\" height=\"17\"><span style=\"color: #000000;\"><span style=\"font-family: Arial, sans-serif;\"><span style=\"font-size: small;\">I m-ce: Fabian Kuprianowicz, ZSK im. Matki Bo\u017cej Mi\u0142osierdzia, Bia\u0142ystok<br \/>\n<\/span><\/span><\/span><\/td>\n<\/tr>\n<tr>\n<td style=\"border: none; padding: 0cm;\" width=\"559\" height=\"17\"><span style=\"color: #000000;\"><span style=\"font-family: Arial, sans-serif;\"><span style=\"font-size: small;\">II m-ce: Zofia Koz\u0142owska, Szko\u0142a Podstawowa Zgromadzenia Si\u00f3str Misjonarek \u015awi\u0119tej Rodziny im. B\u0142. Boles\u0142awy Lament, Bia\u0142ystok<br \/>\n<\/span><\/span><\/span><\/td>\n<\/tr>\n<tr>\n<td style=\"border: none; padding: 0cm;\" width=\"559\" height=\"17\"><span style=\"color: #000000;\"><span style=\"font-family: Arial, sans-serif;\"><span style=\"font-size: small;\">III m-ce: Aleksandra Halicka, SP 1 im. Ks. Wac\u0142awa Rabczy\u0144skiego w Wasilkowie<br \/>\n<\/span><\/span><\/span><\/td>\n<\/tr>\n<tr>\n<td style=\"border: none; padding: 0cm;\" width=\"559\" height=\"17\"><\/td>\n<\/tr>\n<tr>\n<td style=\"border: none; padding: 0cm;\" width=\"559\" height=\"17\"><span style=\"color: #000000;\"><span style=\"font-family: Arial, sans-serif;\"><span style=\"font-size: small;\"><b>Liceali\u015bci<\/b><\/span><\/span><\/span><\/td>\n<\/tr>\n<tr>\n<td style=\"border: none; padding: 0cm;\" width=\"559\" height=\"17\"><span style=\"color: #000000;\"><span style=\"font-family: Arial, sans-serif;\"><span style=\"font-size: small;\">II m-ce: Wojciech Jachimowicz, II LO, Gi\u017cycko<br \/>\n<\/span><\/span><\/span><\/td>\n<\/tr>\n<tr>\n<td style=\"border: none; padding: 0cm;\" width=\"559\" height=\"17\"><span style=\"color: #000000;\"><span style=\"font-family: Arial, sans-serif;\"><span style=\"font-size: small;\">II m-ce: Emilia Kocia\u0142kowska, II LO, Gi\u017cycko<br \/>\n<\/span><\/span><\/span><\/td>\n<\/tr>\n<tr>\n<td style=\"border: none; padding: 0cm;\" width=\"559\" height=\"17\"><span style=\"color: #000000;\"><span style=\"font-family: Arial, sans-serif;\"><span style=\"font-size: small;\">III m-ce: Emilia Zmudzi\u0144ska, II LO, Gi\u017cycko<br \/>\n<\/span><\/span><\/span><\/td>\n<\/tr>\n<tr>\n<td style=\"border: none; padding: 0cm;\" width=\"559\" height=\"17\"><\/td>\n<\/tr>\n<tr>\n<td style=\"border: none; padding: 0cm;\" width=\"559\" height=\"17\"><span style=\"color: #000000;\"><span style=\"font-family: Arial, sans-serif;\"><span style=\"font-size: small;\"><b>Doro\u015bli<\/b><\/span><\/span><\/span><\/td>\n<\/tr>\n<tr>\n<td style=\"border: none; padding: 0cm;\" width=\"559\" height=\"17\"><span style=\"color: #000000;\"><span style=\"font-family: Arial, sans-serif;\"><span style=\"font-size: small;\">I m-ce: Ewa \u0141adna, nauczyciel z Gi\u017cycka<br \/>\n<\/span><\/span><\/span><\/td>\n<\/tr>\n<tr>\n<td style=\"border: none; padding: 0cm;\" width=\"559\" height=\"17\"><span style=\"color: #000000;\"><span style=\"font-family: Arial, sans-serif;\"><span style=\"font-size: small;\">II m-ce: Beata Szymborska, nauczyciel z Gi\u017cycka<br \/>\n<\/span><\/span><\/span><\/td>\n<\/tr>\n<tr>\n<td style=\"border: none; padding: 0cm;\" width=\"559\" height=\"17\">\n<p style=\"margin-bottom: 0.5cm;\"><span style=\"color: #000000;\"><span style=\"font-family: Arial, sans-serif;\"><span style=\"font-size: small;\">III m-ce: Barbara Domys\u0142awska, nauczyciel z Gi\u017cycka<br \/>\n<\/span><\/span><\/span><\/p>\n<table width=\"100%\" cellspacing=\"0\" cellpadding=\"0\">\n<tbody>\n<tr>\n<td style=\"border: none; padding: 0cm;\" width=\"100%\" height=\"17\"><span style=\"color: #000000;\"><span style=\"font-family: Arial, sans-serif;\"><span style=\"font-size: medium;\"><b>Pozostali Wielcy Finali\u015bci<\/b><\/span><\/span><\/span><\/td>\n<\/tr>\n<tr>\n<td style=\"border: none; padding: 0cm;\" width=\"100%\" height=\"17\"><\/td>\n<\/tr>\n<tr>\n<td style=\"border: none; padding: 0cm;\" width=\"100%\" height=\"17\"><span style=\"color: #000000;\"><span style=\"font-family: Arial, sans-serif;\"><span style=\"font-size: small;\"><b>M\u0142odzicy<\/b><\/span><\/span><\/span><\/td>\n<\/tr>\n<tr>\n<td style=\"border: none; padding: 0cm;\" width=\"100%\" height=\"17\"><span style=\"color: #000000;\"><span style=\"font-family: Arial, sans-serif;\"><span style=\"font-size: small;\">IV m-ce: Kamil Kiczkaj\u0142o, SP 1 im. Ks. Wac\u0142awa Rabczy\u0144skiego w Wasilkowie<\/span><\/span><\/span><\/td>\n<\/tr>\n<tr>\n<td style=\"border: none; padding: 0cm;\" width=\"100%\" height=\"17\"><span style=\"color: #000000;\"><span style=\"font-family: Arial, sans-serif;\"><span style=\"font-size: small;\">V m-ce: Milena Niemancewicz, SP 1 im. Ks. Wac\u0142awa Rabczy\u0144skiego w Wasilkowie<\/span><\/span><\/span><\/td>\n<\/tr>\n<tr>\n<td style=\"border: none; padding: 0cm;\" width=\"100%\" height=\"17\"><\/td>\n<\/tr>\n<tr>\n<td style=\"border: none; padding: 0cm;\" width=\"100%\" height=\"17\"><span style=\"color: #000000;\"><span style=\"font-family: Arial, sans-serif;\"><span style=\"font-size: small;\"><b>Juniorzy<\/b><\/span><\/span><\/span><\/td>\n<\/tr>\n<tr>\n<td style=\"border: none; padding: 0cm;\" width=\"100%\" height=\"17\"><span style=\"color: #000000;\"><span style=\"font-family: Arial, sans-serif;\"><span style=\"font-size: small;\">IV m-ce: Aleksandra Samojlik, CUBUS Szko\u0142a Matematyki<\/span><\/span><\/span><\/td>\n<\/tr>\n<tr>\n<td style=\"border: none; padding: 0cm;\" width=\"100%\" height=\"17\"><span style=\"color: #000000;\"><span style=\"font-family: Arial, sans-serif;\"><span style=\"font-size: small;\">V m-ce: Pawe\u0142 Chwie\u015bko, Szko\u0142a Podstawowa Zgromadzenia Si\u00f3str Misjonarek \u015awi\u0119tej Rodziny im. B\u0142. Boles\u0142awy Lament, Bia\u0142ystok<\/span><\/span><\/span><\/td>\n<\/tr>\n<tr>\n<td style=\"border: none; padding: 0cm;\" width=\"100%\" height=\"17\"><\/td>\n<\/tr>\n<tr>\n<td style=\"border: none; padding: 0cm;\" width=\"100%\" height=\"17\"><span style=\"color: #000000;\"><span style=\"font-family: Arial, sans-serif;\"><span style=\"font-size: small;\"><b>Liceali\u015bci<\/b><\/span><\/span><\/span><\/td>\n<\/tr>\n<tr>\n<td style=\"border: none; padding: 0cm;\" width=\"100%\" height=\"17\"><span style=\"color: #000000;\"><span style=\"font-family: Arial, sans-serif;\"><span style=\"font-size: small;\">IV m-ce: Maria Aleksandruk, II LO, Gi\u017cycko<\/span><\/span><\/span><\/td>\n<\/tr>\n<tr>\n<td style=\"border: none; padding: 0cm;\" width=\"100%\" height=\"17\"><span style=\"color: #000000;\"><span style=\"font-family: Arial, sans-serif;\"><span style=\"font-size: small;\">V m-ce: Wiktoria Miciukiewicz, II LO, Gi\u017cycko<\/span><\/span><\/span><\/td>\n<\/tr>\n<tr>\n<td style=\"border: none; padding: 0cm;\" width=\"100%\" height=\"17\"><span style=\"color: #000000;\"><span style=\"font-family: Arial, sans-serif;\"><span style=\"font-size: small;\">VI m-ce: Kinga Zakrzewska, II LO, Gi\u017cycko<\/span><\/span><\/span><\/td>\n<\/tr>\n<\/tbody>\n<\/table>\n<p>&nbsp;<\/td>\n<\/tr>\n<\/tbody>\n<\/table>\n<div align=\"justify\">Poni\u017cej znajduj\u0105 si\u0119 szczeg\u00f3\u0142owe wyniki fina\u0142u (rundy 1-3 i Wielki Fina\u0142) w poszczeg\u00f3lnych kategoriach wiekowych.<\/div>\n<div align=\"justify\"><\/div>\n<\/div>\n<\/div>\n<div align=\"justify\">\n<div><\/div>\n<div align=\"justify\">\n<div><u><a href=\"https:\/\/signum.pb.edu.pl\/MUM\/wp-content\/uploads\/2024\/03\/Mlodzicy.pdf\">Wyniki szczeg\u00f3\u0142owe w kategorii M\u0142odzik\u00f3w<\/a><\/u><\/div>\n<div><u><a href=\"https:\/\/signum.pb.edu.pl\/MUM\/wp-content\/uploads\/2024\/03\/Juniorzy.pdf\">Wyniki szczeg\u00f3\u0142owe w kategorii Junior\u00f3w<\/a><\/u><\/div>\n<div><u><a href=\"https:\/\/signum.pb.edu.pl\/MUM\/wp-content\/uploads\/2024\/03\/Licealisci.pdf\">Wyniki szczeg\u00f3\u0142owe w kategorii Licealist\u00f3w<\/a><\/u><\/div>\n<div><u><a href=\"https:\/\/signum.pb.edu.pl\/MUM\/wp-content\/uploads\/2023\/03\/Dorosli.pdf\">Wyniki szczeg\u00f3\u0142owe w kategorii Doros\u0142ych<\/a><\/u><\/div>\n<\/div>\n<div align=\"justify\"><\/div>\n<\/div>\n<div align=\"justify\"><\/div>\n<div align=\"justify\">\n<div align=\"justify\">\n<div class=\"title-node\">\n<div align=\"justify\">\n<h2>Zadania z VIII MUM-a<\/h2>\n<p>&nbsp;<\/p>\n<\/div>\n<p>Poni\u017cej zamieszczamy zadania z poszczeg\u00f3lnych etap\u00f3w konkursu dla wszystkich kategorii wiekowych.<\/p>\n<p>&nbsp;<\/p>\n<div><u><a href=\"https:\/\/signum.pb.edu.pl\/MUM\/wp-content\/uploads\/2024\/03\/MUM8-FIN-ML.pdf\">M\u0142odzicy &#8211; fina\u0142<\/a><\/u><\/div>\n<div><u><a href=\"https:\/\/signum.pb.edu.pl\/MUM\/wp-content\/uploads\/2024\/03\/MUM8-FIN-JU.pdf\">Juniorzy &#8211; fina\u0142<\/a><\/u><\/div>\n<div><u><a href=\"https:\/\/signum.pb.edu.pl\/MUM\/wp-content\/uploads\/2024\/03\/MUM8-FIN=LO.pdf\">Liceali\u015bci &#8211; fina\u0142<\/a><\/u><\/div>\n<div><u><a href=\"https:\/\/signum.pb.edu.pl\/MUM\/wp-content\/uploads\/2024\/03\/MUM8-FIN-DO.pdf\">Doro\u015bli &#8211; fina\u0142&lt;<\/a><\/u><\/div>\n<\/div>\n<div><u><a href=\"https:\/\/signum.pb.edu.pl\/MUM\/wp-content\/uploads\/2024\/03\/MUM8-ML.pdf\">M\u0142odzicy &#8211; Wielki Fina\u0142<\/a><\/u><\/div>\n<div><u><a href=\"https:\/\/signum.pb.edu.pl\/MUM\/wp-content\/uploads\/2024\/03\/MUM8-JU.pdf\">Juniorzy &#8211; Wielki Fina\u0142<\/a><\/u><\/div>\n<div><u><a href=\"https:\/\/signum.pb.edu.pl\/MUM\/wp-content\/uploads\/2024\/03\/MUM8-LO.pdf\">Liceali\u015bci &#8211; Wielki Fina\u0142<\/a><\/u><\/div>\n<div><u><a href=\"https:\/\/signum.pb.edu.pl\/MUM\/wp-content\/uploads\/2024\/03\/MUM8-DO.pdf\">Doro\u015bli &#8211; Wielki Fina\u0142<\/a><\/u><\/div>\n<\/div>\n<p>&nbsp;<\/p>\n<p><b>Zg\u0142oszenia<\/b><br \/>\nUczniowie bior\u0105 udzia\u0142 w zawodach tylko za po\u015brednictwem szk\u00f3\u0142, w kt\u00f3rych odbywa si\u0119 etap eliminacyjny. Mog\u0105 wzi\u0105\u0107 w nim udzia\u0142 tak\u017ce nauczyciele i rodzice. Szko\u0142\u0119 zg\u0142asza do zawod\u00f3w szkolny koordynator za pomoc\u0105 formularza rejestracyjnego:<\/p>\n<p>&nbsp;<\/p>\n<p style=\"text-align: center;\"><u><a href=\"https:\/\/signum.pb.edu.pl\/MUM\/?page_id=1058\">Zg\u0142oszenie do Memoria\u0142u Urszuli Marciniak \u2013 szko\u0142a<\/a><\/u><\/p>\n<p>&nbsp;<\/p>\n<p>Pozosta\u0142e osoby doros\u0142e mog\u0105 wzi\u0105\u0107 udzia\u0142 w eliminacjach on-line, wysy\u0142aj\u0105c indywidualne zg\u0142oszenie przez formularz:<\/p>\n<p style=\"text-align: center;\"><u><a href=\"https:\/\/signum.pb.edu.pl\/MUM\/?page_id=1065\">Zg\u0142oszenie do Memoria\u0142u Urszuli Marciniak \u2013 zawodnik indywidualny<\/a><\/u><\/p>\n<p><b><br \/>\nRegulamin<\/b><\/p>\n<p style=\"text-align: center;\"><u><a href=\"https:\/\/signum.pb.edu.pl\/MUM\/wp-content\/uploads\/2023\/11\/MUM_Regulamin_2024.pdf\">Regulamin Memoria\u0142u Urszuli Marciniak organizowanego w 2024 r. na Podlasiu<\/a><\/u><\/p>\n<p>&nbsp;<\/p>\n<p><b>Kontakt<\/b><br \/>\nCentrum Popularyzacji Matematyki SIGNUM<br \/>\n<a href=\"mailto:signum@pb.edu.pl\">signum@pb.edu.pl<\/a><\/p>\n<\/div>\n<div align=\"justify\"><b><br \/>\nFundacja Matematyk\u00f3w Wroc\u0142awskich o Uli Marciniak<\/b><\/div>\n<div align=\"justify\">Ula urodzi\u0142a si\u0119 w Warszawie 24 III 1977 roku. Uko\u0144czy\u0142a studia matematyczne na Uniwersytecie Warszawskim. By\u0142a te\u017c zami\u0142owan\u0105 poetk\u0105, designerk\u0105, fotografk\u0105 i podr\u00f3\u017cniczk\u0105. Od dzieci\u0144stwa uwielbia\u0142a wymy\u015bla\u0107 dla innych zagadki, \u0142amig\u0142\u00f3wki, puzzle, rebusy i gry planszowe. Swoj\u0105 pasj\u0105 chcia\u0142a si\u0119 dzieli\u0107 ze wszystkimi. Dwa lata po studiach za\u0142o\u017cy\u0142a <a href=\"http:\/\/www.wydawnictwologi.pl\/index.php?route=common\/home\" target=\"_blank\" rel=\"noopener\">wydawnictwo Logi<\/a> i rozpocz\u0119\u0142a cykliczne wydawanie pocz\u0105tkowo zeszyt\u00f3w z obrazkami logicznymi, a wkr\u00f3tce szerokiej gamy \u0142amig\u0142\u00f3wek logicznych w formie papierowej i elektronicznej. Firma okaza\u0142a si\u0119 sporym sukcesem. Ula prowadzi\u0142a j\u0105 z wielk\u0105 pasj\u0105. Swoimi zeszytami sponsorowa\u0142a niezliczon\u0105 ilo\u015b\u0107 szkolnych konkurs\u00f3w, a egzemplarze archiwalne wysy\u0142a\u0142a do\u2026 zak\u0142ad\u00f3w karnych. Egzemplarze \u201eObrazk\u00f3w logicznych\u201d i \u201eLogi-mix\u00f3w\u201d, kt\u00f3re wysz\u0142y spod Jej r\u0119ki, od samego pocz\u0105tku otrzymywali tak\u017ce laureaci wszystkich konkurs\u00f3w organizowanych przez Fundacj\u0119 Matematyk\u00f3w Wroc\u0142awskich.<\/div>\n<div align=\"justify\"><\/div>\n<div align=\"justify\">O swojej dzia\u0142alno\u015bci pisa\u0142a tak: <em>Urodzi\u0142am si\u0119 w czasach, kiedy nie by\u0142o internetu, a \u0142amig\u0142\u00f3wek w kioskach by\u0142o naprawd\u0119 niewiele. Trzeba wi\u0119c by\u0142o wymy\u015bla\u0107 samemu! Studiowa\u0142am matematyk\u0119 na Uniwersytecie Warszawskim, gdzie mo\u017cna by\u0142o na co dzie\u0144 mie\u0107 do czynienia z logik\u0105, zadaniami, g\u0142\u00f3wkowaniem, wi\u0119c \u2013 cho\u0107 nie by\u0142am najlepsz\u0105 studentk\u0105 \u2013 to okres studi\u00f3w wspominam bardzo mi\u0142o. W 2003 roku pracowa\u0142am w \u00f3wczesnym Generali, a w wolnym czasie rozwi\u0105zywa\u0142am obrazki logiczne. Mia\u0142am zawsze du\u017co zagranicznych gazetek z \u0142amig\u0142\u00f3wkami, kt\u00f3re z wszelakich podr\u00f3\u017cy przywozi\u0142 mi m\u00f3j tata. Zacz\u0119\u0142am patrze\u0107 jakie maj\u0105 tytu\u0142y, ok\u0142adki, \u015brodki, papier, ceny\u2026 Zacz\u0119\u0142am kalkulowa\u0107 i projektowa\u0107. Tak wi\u0119c gdy w Generali obj\u0119\u0142y mnie zwolnienia grupowe, to ucieszy\u0142o mnie to niezmiernie i tak oto znalaz\u0142am si\u0119 w Urz\u0119dzie Gminy Bielany w Warszawie i zarejestrowa\u0142am LOGI. Do dzi\u015b LOGI jest moj\u0105 mi\u0142o\u015bci\u0105 i moj\u0105 pasj\u0105. Stale staram si\u0119 t\u0119 firm\u0119 rozwija\u0107 i udoskonala\u0107. Staram si\u0119 utrzymywa\u0107 miesi\u0119czniki na wysokim poziomie, zar\u00f3wno merytorycznym, jak i jako\u015bciowym (gruby, dobrej jako\u015bci papier, lakierowana ok\u0142adka i sprawdzona drukarnia). Oczywi\u015bcie zawsze z niecierpliwo\u015bci\u0105 czekam na Wasze komentarze i opinie i cieszy mnie ka\u017cde mi\u0142o s\u0142owo, kt\u00f3re od Was otrzymuj\u0119. Dzi\u0119kuj\u0119, \u017ce jeste\u015bcie ze mn\u0105 na dobre i na z\u0142e &#x1f642;<\/em><\/div>\n<div align=\"justify\"><\/div>\n<div align=\"justify\">Wsp\u00f3lnie z Ul\u0105 planowali\u015bmy organizacj\u0119 w 2016 roku I Mistrzostw Dolnego \u015al\u0105ska w \u0141amig\u0142\u00f3wkach. Niestety w czerwcu 2016 roku pokona\u0142a j\u0105 bezlitosna choroba. Ula odesz\u0142a w wieku zaledwie 39 lat \u2013 do ko\u0144ca kreatywna, szlachetna i pi\u0119kna. Jej dzie\u0142o jest nadal kontynuowane przez rodzin\u0119 i przyjaci\u00f3\u0142 z po\u017cytkiem dla nas wszystkich.<\/div>\n<div align=\"justify\"><\/div>\n<div align=\"justify\">Wys\u0142uchaj te\u017c <u><a href=\"https:\/\/polskieradio24.pl\/130\/8645\/Artykul\/2526431,Matematyczne-lamiglowki-byly-jej-pasja-Danuta-Marciniak-wspomina-zmarla-corke\" target=\"_blank\" rel=\"noopener\">audycj\u0119<\/a><\/u> Magdaleny Merty w PR po\u015bwi\u0119conej Uli Marciniak i Memoria\u0142owi.<\/div>\n<div><\/div>\n","protected":false},"excerpt":{"rendered":"<p>termin fina\u0142u &nbsp; sobota 23 III, godz. 10-15 &nbsp; miejsce fina\u0142u &nbsp; Politechnika Bia\u0142ostocka Wydzia\u0142 Elektryczny ul. Wiejska 45D, 15-351 Bia\u0142ystok tel. na portierni\u0119 85\u00a0746 94 30 dojazd z dworc\u00f3w PKP i PKS autobusami: nr 10\u00a0w kierunki Kolonia Koplany \u2013 przystanek \u201eZwierzyniecka\/Kaczorowskiego\u201d lub nr 29\u00a0w kierunku \u017byzna, P\u0119tla &#8211; przystanek &#8222;Zwierzyniecka\/Wiejska&#8221;) Sala:\u00a0Aula I\u00a0(wszystkie kategorie) &nbsp;&hellip; <a class=\"more-link\" href=\"https:\/\/signum.pb.edu.pl\/MUM\/\">Czytaj dalej <span class=\"screen-reader-text\">Start<\/span><\/a><\/p>\n","protected":false},"author":1,"featured_media":0,"parent":0,"menu_order":0,"comment_status":"closed","ping_status":"closed","template":"","meta":{"footnotes":""},"_links":{"self":[{"href":"https:\/\/signum.pb.edu.pl\/MUM\/index.php?rest_route=\/wp\/v2\/pages\/30"}],"collection":[{"href":"https:\/\/signum.pb.edu.pl\/MUM\/index.php?rest_route=\/wp\/v2\/pages"}],"about":[{"href":"https:\/\/signum.pb.edu.pl\/MUM\/index.php?rest_route=\/wp\/v2\/types\/page"}],"author":[{"embeddable":true,"href":"https:\/\/signum.pb.edu.pl\/MUM\/index.php?rest_route=\/wp\/v2\/users\/1"}],"replies":[{"embeddable":true,"href":"https:\/\/signum.pb.edu.pl\/MUM\/index.php?rest_route=%2Fwp%2Fv2%2Fcomments&post=30"}],"version-history":[{"count":108,"href":"https:\/\/signum.pb.edu.pl\/MUM\/index.php?rest_route=\/wp\/v2\/pages\/30\/revisions"}],"predecessor-version":[{"id":1215,"href":"https:\/\/signum.pb.edu.pl\/MUM\/index.php?rest_route=\/wp\/v2\/pages\/30\/revisions\/1215"}],"wp:attachment":[{"href":"https:\/\/signum.pb.edu.pl\/MUM\/index.php?rest_route=%2Fwp%2Fv2%2Fmedia&parent=30"}],"curies":[{"name":"wp","href":"https:\/\/api.w.org\/{rel}","templated":true}]}}